

 
{"id":49917,"date":"2022-07-07T11:55:22","date_gmt":"2022-07-07T10:55:22","guid":{"rendered":"https:\/\/ajt.morton.media\/?page_id=49917"},"modified":"2024-08-05T16:05:12","modified_gmt":"2024-08-05T15:05:12","slug":"unser-team","status":"publish","type":"page","link":"https:\/\/ajt.morton.media\/de\/unser-team\/","title":{"rendered":"Unser Team"},"content":{"rendered":"<p>[vc_row full_width=&#8220;stretch_row&#8220; content_placement=&#8220;middle&#8220; css=&#8220;.vc_custom_1652780083671{padding-top: 8vh !important;padding-bottom: 10vh !important;background-color: #f8f8f8 !important;}&#8220;][vc_column][vc_row_inner content_placement=&#8220;middle&#8220; el_id=&#8220;desktop-view&#8220;][vc_column_inner width=&#8220;5\/12&#8243; offset=&#8220;vc_hidden-sm vc_hidden-xs&#8220;][vc_column_text]<\/p>\n<h1>Lernen Sie das Team von AJT kennen<\/h1>\n<p>[\/vc_column_text][vc_column_text]<\/p>\n<p style=\"color: #1f375d;\">Die Leidenschaft f\u00fcr Sprachen und interkulturelle Kommunikation verbindet unser Team aus Sprachtalenten und Projektmanager*innen. Unser festes Inhouse-Team setzt sich aus professionellen \u00dcbersetzer*innen, Fachkr\u00e4ften im Lektorat und mehrsprachigen Projektmanager*innen zusammen.<\/p>\n<p>[\/vc_column_text][\/vc_column_inner][vc_column_inner width=&#8220;7\/12&#8243; offset=&#8220;vc_hidden-sm vc_hidden-xs&#8220;][vc_single_image image=&#8220;47990&#8243; img_size=&#8220;&#8220; alignment=&#8220;center&#8220; el_class=&#8220;svg-image&#8220;][\/vc_column_inner][\/vc_row_inner][vc_row_inner content_placement=&#8220;middle&#8220; el_id=&#8220;tablet-view&#8220;][vc_column_inner width=&#8220;1\/2&#8243; offset=&#8220;vc_hidden-lg vc_hidden-md vc_hidden-xs&#8220;][vc_column_text]<\/p>\n<h1>Lernen Sie das Team von AJT kennen<\/h1>\n<p>[\/vc_column_text][vc_column_text]<\/p>\n<p style=\"color: #1f375d;\">Die Leidenschaft f\u00fcr Sprachen und interkulturelle Kommunikation verbindet unser Team aus Sprachtalenten und Projektmanager*innen. Unser festes Inhouse-Team setzt sich aus professionellen \u00dcbersetzer*innen, Fachkr\u00e4ften im Lektorat und mehrsprachigen Projektmanager*innen zusammen.<\/p>\n<p>[\/vc_column_text][\/vc_column_inner][vc_column_inner width=&#8220;1\/2&#8243; offset=&#8220;vc_hidden-lg vc_hidden-md vc_hidden-xs&#8220;][vc_single_image image=&#8220;47990&#8243; img_size=&#8220;&#8220; alignment=&#8220;center&#8220; el_class=&#8220;svg-image&#8220;][\/vc_column_inner][\/vc_row_inner][vc_row_inner content_placement=&#8220;top&#8220; el_id=&#8220;mobile-view&#8220;][vc_column_inner offset=&#8220;vc_hidden-lg vc_hidden-md vc_hidden-sm&#8220;][vc_single_image image=&#8220;47990&#8243; img_size=&#8220;&#8220; alignment=&#8220;center&#8220; el_class=&#8220;svg-image&#8220;][vc_column_text]<\/p>\n<h1>Lernen Sie das Team von AJT kennen<\/h1>\n<p>[\/vc_column_text][vc_column_text]<\/p>\n<p style=\"color: #1f375d;\">Die Leidenschaft f\u00fcr Sprachen und interkulturelle Kommunikation verbindet unser Team aus Sprachtalenten und Projektmanager*innen. Unser festes Inhouse-Team setzt sich aus professionellen \u00dcbersetzer*innen, Fachkr\u00e4ften im Lektorat und mehrsprachigen Projektmanager*innen zusammen.<\/p>\n<p>[\/vc_column_text][\/vc_column_inner][\/vc_row_inner][\/vc_column][\/vc_row][vc_row css=&#8220;.vc_custom_1651850604606{margin-top: 10vh !important;margin-bottom: 5vh !important;}&#8220;][vc_column][vc_column_text]<\/p>\n<h2 style=\"text-align: center;\"><strong><em>Wir stellen uns vor<\/em><\/strong><\/h2>\n<p>[\/vc_column_text][\/vc_column][\/vc_row][vc_row el_class=&#8220;team-gallery&#8220; el_id=&#8220;desktop-view&#8220;][vc_column offset=&#8220;vc_hidden-md vc_hidden-sm vc_hidden-xs&#8220;][vc_row_inner][vc_column_inner width=&#8220;1\/4&#8243;][vc_single_image image=&#8220;48033&#8243; img_size=&#8220;full&#8220; alignment=&#8220;center&#8220;][vc_column_text css=&#8220;.vc_custom_1651850655039{border-top-width: 4px !important;border-top-color: #1f375d !important;border-top-style: solid !important;}&#8220;]<\/p>\n<h3>Anja Jones<\/h3>\n<p>Gesch\u00e4ftsf\u00fchrerin[\/vc_column_text][\/vc_column_inner][vc_column_inner width=&#8220;1\/4&#8243;][vc_single_image image=&#8220;47716&#8243; img_size=&#8220;full&#8220; alignment=&#8220;center&#8220;][vc_column_text css=&#8220;.vc_custom_1675694946611{border-top-width: 4px !important;border-top-color: #1f375d !important;border-top-style: solid !important;}&#8220;]<\/p>\n<h3>Mark Jones<\/h3>\n<p>nicht gesch\u00e4ftsf\u00fchrender Direktor[\/vc_column_text][\/vc_column_inner][vc_column_inner width=&#8220;1\/4&#8243;][vc_single_image image=&#8220;48039&#8243; img_size=&#8220;full&#8220; alignment=&#8220;center&#8220;][vc_column_text css=&#8220;.vc_custom_1651850573232{border-top-width: 4px !important;border-top-color: #1f375d !important;border-top-style: solid !important;}&#8220;]<\/p>\n<h3>Sarah Steib-Weber<\/h3>\n<p>Leiterin\u00a0\u2013 \u00dcbersetzungsdienste[\/vc_column_text][\/vc_column_inner][vc_column_inner width=&#8220;1\/4&#8243;][vc_single_image image=&#8220;48045&#8243; img_size=&#8220;full&#8220; alignment=&#8220;center&#8220;][vc_column_text css=&#8220;.vc_custom_1651850642395{border-top-width: 4px !important;border-top-color: #1f375d !important;border-top-style: solid !important;}&#8220;]<\/p>\n<h3>Nikki Cowland<\/h3>\n<p>Betriebsleiterin[\/vc_column_text][\/vc_column_inner][\/vc_row_inner][vc_row_inner css=&#8220;.vc_custom_1651850525147{margin-top: 5vh !important;}&#8220;][vc_column_inner width=&#8220;1\/4&#8243;][vc_single_image image=&#8220;48063&#8243; img_size=&#8220;full&#8220; alignment=&#8220;center&#8220;][vc_column_text css=&#8220;.vc_custom_1675168813509{border-top-width: 4px !important;border-top-color: #1f375d !important;border-top-style: solid !important;}&#8220;]<\/p>\n<h3>Stephanie Donat<\/h3>\n<p>Senior-Projektmanagerin[\/vc_column_text][\/vc_column_inner][vc_column_inner width=&#8220;1\/4&#8243;][vc_single_image image=&#8220;48081&#8243; img_size=&#8220;full&#8220; alignment=&#8220;center&#8220;][vc_column_text css=&#8220;.vc_custom_1696185394478{border-top-width: 4px !important;border-top-color: #1f375d !important;border-top-style: solid !important;}&#8220;]<\/p>\n<h3>Katarzyna Hoffmann<\/h3>\n<p>Senior-Projektmanagerin[\/vc_column_text][\/vc_column_inner][vc_column_inner width=&#8220;1\/4&#8243;][vc_single_image image=&#8220;48093&#8243; img_size=&#8220;full&#8220; alignment=&#8220;center&#8220;][vc_column_text css=&#8220;.vc_custom_1669625212061{border-top-width: 4px !important;border-top-color: #1f375d !important;border-top-style: solid !important;}&#8220;]<\/p>\n<h3>Harriet Nimmo<\/h3>\n<p>Projektmanagerin[\/vc_column_text][\/vc_column_inner][vc_column_inner width=&#8220;1\/4&#8243;][vc_single_image image=&#8220;48075&#8243; img_size=&#8220;full&#8220; alignment=&#8220;center&#8220;][vc_column_text css=&#8220;.vc_custom_1651850789493{border-top-width: 4px !important;border-top-color: #1f375d !important;border-top-style: solid !important;}&#8220;]<\/p>\n<h3>Jinny Verdonck<\/h3>\n<p>Projektmanagerin[\/vc_column_text][\/vc_column_inner][\/vc_row_inner][vc_row_inner css=&#8220;.vc_custom_1651850756227{margin-top: 5vh !important;}&#8220;][vc_column_inner width=&#8220;1\/4&#8243;][vc_single_image image=&#8220;54038&#8243; img_size=&#8220;full&#8220; alignment=&#8220;center&#8220;][vc_column_text css=&#8220;.vc_custom_1709306585684{border-top-width: 4px !important;border-top-color: #1f375d !important;border-top-style: solid !important;}&#8220;]<\/p>\n<h3>Zo\u00eb Thomason<\/h3>\n<p>Projektmanagerin[\/vc_column_text][\/vc_column_inner][vc_column_inner width=&#8220;1\/4&#8243;][vc_single_image image=&#8220;48141&#8243; img_size=&#8220;full&#8220; alignment=&#8220;center&#8220;][vc_column_text css=&#8220;.vc_custom_1658738655711{border-top-width: 4px !important;border-top-color: #1f375d !important;border-top-style: solid !important;}&#8220;]<\/p>\n<h3>Nicole Gansterer<\/h3>\n<p>Senior-Lektorin &amp; Language Lead \u2013 Deutsch[\/vc_column_text][\/vc_column_inner][vc_column_inner width=&#8220;1\/4&#8243;][vc_single_image image=&#8220;48135&#8243; img_size=&#8220;full&#8220; alignment=&#8220;center&#8220;][vc_column_text css=&#8220;.vc_custom_1652099007308{border-top-width: 4px !important;border-top-color: #1f375d !important;border-top-style: solid !important;}&#8220;]<\/p>\n<h3>Melanie Morawetz<\/h3>\n<p>Senior-\u00dcbersetzerin &amp; Language Lead\u00a0\u2013 Deutsch[\/vc_column_text][\/vc_column_inner][vc_column_inner width=&#8220;1\/4&#8243;][vc_single_image image=&#8220;48195&#8243; img_size=&#8220;full&#8220; alignment=&#8220;center&#8220;][vc_column_text css=&#8220;.vc_custom_1652099281819{border-top-width: 4px !important;border-top-color: #1f375d !important;border-top-style: solid !important;}&#8220;]<\/p>\n<h3>Martine Wilmes<\/h3>\n<p>\u00dcbersetzerin\u00a0\u2013 Deutsch[\/vc_column_text][\/vc_column_inner][\/vc_row_inner][\/vc_column][\/vc_row][vc_row el_class=&#8220;team-gallery&#8220; el_id=&#8220;tablet-view&#8220;][vc_column offset=&#8220;vc_hidden-lg vc_hidden-xs&#8220;][vc_row_inner][vc_column_inner width=&#8220;1\/3&#8243;][vc_single_image image=&#8220;48033&#8243; img_size=&#8220;full&#8220; alignment=&#8220;center&#8220;][vc_column_text css=&#8220;.vc_custom_1651850655039{border-top-width: 4px !important;border-top-color: #1f375d !important;border-top-style: solid !important;}&#8220;]<\/p>\n<h3>Anja Jones<\/h3>\n<p>Gesch\u00e4ftsf\u00fchrerin[\/vc_column_text][\/vc_column_inner][vc_column_inner width=&#8220;1\/3&#8243;][vc_single_image image=&#8220;47716&#8243; img_size=&#8220;full&#8220; alignment=&#8220;center&#8220;][vc_column_text css=&#8220;.vc_custom_1675695418917{border-top-width: 4px !important;border-top-color: #1f375d !important;border-top-style: solid !important;}&#8220;]<\/p>\n<h3>Mark Jones<\/h3>\n<p>nicht gesch\u00e4ftsf\u00fchrender Direktor[\/vc_column_text][\/vc_column_inner][vc_column_inner width=&#8220;1\/3&#8243;][vc_single_image image=&#8220;48039&#8243; img_size=&#8220;full&#8220; alignment=&#8220;center&#8220;][vc_column_text css=&#8220;.vc_custom_1651850573232{border-top-width: 4px !important;border-top-color: #1f375d !important;border-top-style: solid !important;}&#8220;]<\/p>\n<h3>Sarah Steib-Weber<\/h3>\n<p>Leiterin\u00a0\u2013 \u00dcbersetzungsdienste[\/vc_column_text][\/vc_column_inner][\/vc_row_inner][vc_row_inner css=&#8220;.vc_custom_1651850525147{margin-top: 5vh !important;}&#8220;][vc_column_inner width=&#8220;1\/3&#8243;][vc_single_image image=&#8220;48045&#8243; img_size=&#8220;full&#8220; alignment=&#8220;center&#8220;][vc_column_text css=&#8220;.vc_custom_1651850642395{border-top-width: 4px !important;border-top-color: #1f375d !important;border-top-style: solid !important;}&#8220;]<\/p>\n<h3>Nikki Cowland<\/h3>\n<p>Betriebsleiterin[\/vc_column_text][\/vc_column_inner][vc_column_inner width=&#8220;1\/3&#8243;][vc_single_image image=&#8220;48063&#8243; img_size=&#8220;full&#8220; alignment=&#8220;center&#8220;][vc_column_text css=&#8220;.vc_custom_1675694990618{border-top-width: 4px !important;border-top-color: #1f375d !important;border-top-style: solid !important;}&#8220;]<\/p>\n<h3>Stephanie Donat<\/h3>\n<p>Senior-Projektmanagerin[\/vc_column_text][\/vc_column_inner][vc_column_inner width=&#8220;1\/3&#8243;][vc_single_image image=&#8220;48081&#8243; img_size=&#8220;full&#8220; alignment=&#8220;center&#8220;][vc_column_text css=&#8220;.vc_custom_1696185417042{border-top-width: 4px !important;border-top-color: #1f375d !important;border-top-style: solid !important;}&#8220;]<\/p>\n<h3>Katarzyna Hoffmann<\/h3>\n<p>Senior-Projektmanagerin[\/vc_column_text][\/vc_column_inner][\/vc_row_inner][vc_row_inner css=&#8220;.vc_custom_1651850525147{margin-top: 5vh !important;}&#8220;][vc_column_inner width=&#8220;1\/3&#8243;][vc_single_image image=&#8220;48093&#8243; img_size=&#8220;full&#8220; alignment=&#8220;center&#8220;][vc_column_text css=&#8220;.vc_custom_1669625239700{border-top-width: 4px !important;border-top-color: #1f375d !important;border-top-style: solid !important;}&#8220;]<\/p>\n<h3>Harriet Nimmo<\/h3>\n<p>Projektmanagerin[\/vc_column_text][\/vc_column_inner][vc_column_inner width=&#8220;1\/3&#8243;][vc_single_image image=&#8220;48075&#8243; img_size=&#8220;full&#8220; alignment=&#8220;center&#8220;][vc_column_text css=&#8220;.vc_custom_1651850789493{border-top-width: 4px !important;border-top-color: #1f375d !important;border-top-style: solid !important;}&#8220;]<\/p>\n<h3>Jinny Verdonck<\/h3>\n<p>Projektmanagerin[\/vc_column_text][\/vc_column_inner][vc_column_inner width=&#8220;1\/3&#8243;][vc_single_image image=&#8220;54038&#8243; img_size=&#8220;full&#8220; alignment=&#8220;center&#8220;][vc_column_text css=&#8220;.vc_custom_1709306602089{border-top-width: 4px !important;border-top-color: #1f375d !important;border-top-style: solid !important;}&#8220;]<\/p>\n<h3>Zo\u00eb Thomason<\/h3>\n<p>Projektmanagerin[\/vc_column_text][\/vc_column_inner][\/vc_row_inner][vc_row_inner css=&#8220;.vc_custom_1651850756227{margin-top: 5vh !important;}&#8220;][vc_column_inner width=&#8220;1\/3&#8243;][vc_single_image image=&#8220;48141&#8243; img_size=&#8220;full&#8220; alignment=&#8220;center&#8220;][vc_column_text css=&#8220;.vc_custom_1658738664415{border-top-width: 4px !important;border-top-color: #1f375d !important;border-top-style: solid !important;}&#8220;]<\/p>\n<h3>Nicole Gansterer<\/h3>\n<p>Senior-Lektorin &amp; Language Lead \u2013 Deutsch[\/vc_column_text][\/vc_column_inner][vc_column_inner width=&#8220;1\/3&#8243;][vc_single_image image=&#8220;48135&#8243; img_size=&#8220;full&#8220; alignment=&#8220;center&#8220;][vc_column_text css=&#8220;.vc_custom_1652099007308{border-top-width: 4px !important;border-top-color: #1f375d !important;border-top-style: solid !important;}&#8220;]<\/p>\n<h3>Melanie Morawetz<\/h3>\n<p>Senior-\u00dcbersetzerin &amp; Language Lead\u00a0\u2013 Deutsch[\/vc_column_text][\/vc_column_inner][vc_column_inner width=&#8220;1\/3&#8243;][vc_single_image image=&#8220;48195&#8243; img_size=&#8220;full&#8220; alignment=&#8220;center&#8220;][vc_column_text css=&#8220;.vc_custom_1652099281819{border-top-width: 4px !important;border-top-color: #1f375d !important;border-top-style: solid !important;}&#8220;]<\/p>\n<h3>Martine Wilmes<\/h3>\n<p>\u00dcbersetzerin\u00a0\u2013 Deutsch[\/vc_column_text][\/vc_column_inner][\/vc_row_inner][\/vc_column][\/vc_row][vc_row el_class=&#8220;team-gallery-mobile&#8220; el_id=&#8220;mobile-view&#8220;][vc_column offset=&#8220;vc_hidden-lg vc_hidden-md vc_hidden-sm&#8220;][vc_row_inner content_placement=&#8220;middle&#8220; css=&#8220;.vc_custom_1652783458964{padding-bottom: 3vh !important;}&#8220;][vc_column_inner width=&#8220;2\/5&#8243; offset=&#8220;vc_col-xs-2\/5&#8243;][vc_single_image image=&#8220;48033&#8243; img_size=&#8220;full&#8220; alignment=&#8220;center&#8220; style=&#8220;vc_box_circle&#8220;][\/vc_column_inner][vc_column_inner el_class=&#8220;mobile&#8220; width=&#8220;3\/5&#8243; offset=&#8220;vc_col-xs-3\/5&#8243;][vc_column_text]<\/p>\n<h3>Anja Jones<\/h3>\n<p>Gesch\u00e4ftsf\u00fchrerin[\/vc_column_text][\/vc_column_inner][\/vc_row_inner][vc_row_inner content_placement=&#8220;middle&#8220; css=&#8220;.vc_custom_1652783465071{padding-bottom: 3vh !important;}&#8220;][vc_column_inner width=&#8220;2\/5&#8243; offset=&#8220;vc_col-xs-2\/5&#8243;][vc_single_image image=&#8220;47716&#8243; img_size=&#8220;full&#8220; alignment=&#8220;center&#8220; style=&#8220;vc_box_circle&#8220;][\/vc_column_inner][vc_column_inner el_class=&#8220;mobile&#8220; width=&#8220;3\/5&#8243; offset=&#8220;vc_col-xs-3\/5&#8243;][vc_column_text]<\/p>\n<h3>Mark Jones<\/h3>\n<p>nicht gesch\u00e4ftsf\u00fchrender Direktor[\/vc_column_text][\/vc_column_inner][\/vc_row_inner][vc_row_inner content_placement=&#8220;middle&#8220; css=&#8220;.vc_custom_1652783469976{padding-bottom: 3vh !important;}&#8220;][vc_column_inner width=&#8220;2\/5&#8243; offset=&#8220;vc_col-xs-2\/5&#8243;][vc_single_image image=&#8220;48039&#8243; img_size=&#8220;full&#8220; alignment=&#8220;center&#8220; style=&#8220;vc_box_circle&#8220;][\/vc_column_inner][vc_column_inner el_class=&#8220;mobile&#8220; width=&#8220;3\/5&#8243; offset=&#8220;vc_col-xs-3\/5&#8243;][vc_column_text]<\/p>\n<h3>Sarah Steib-Weber<\/h3>\n<p>Leiterin\u00a0\u2013 \u00dcbersetzungsdienste[\/vc_column_text][\/vc_column_inner][\/vc_row_inner][vc_row_inner content_placement=&#8220;middle&#8220; css=&#8220;.vc_custom_1652783469976{padding-bottom: 3vh !important;}&#8220;][vc_column_inner width=&#8220;2\/5&#8243; offset=&#8220;vc_col-xs-2\/5&#8243;][vc_single_image image=&#8220;48045&#8243; img_size=&#8220;full&#8220; alignment=&#8220;center&#8220; style=&#8220;vc_box_circle&#8220;][\/vc_column_inner][vc_column_inner el_class=&#8220;mobile&#8220; width=&#8220;3\/5&#8243; offset=&#8220;vc_col-xs-3\/5&#8243;][vc_column_text]<\/p>\n<h3>Nikki Cowland<\/h3>\n<p>Betriebsleiterin[\/vc_column_text][\/vc_column_inner][\/vc_row_inner][vc_row_inner content_placement=&#8220;middle&#8220; css=&#8220;.vc_custom_1652783469976{padding-bottom: 3vh !important;}&#8220;][vc_column_inner width=&#8220;2\/5&#8243; offset=&#8220;vc_col-xs-2\/5&#8243;][vc_single_image image=&#8220;48063&#8243; img_size=&#8220;full&#8220; alignment=&#8220;center&#8220; style=&#8220;vc_box_circle&#8220;][\/vc_column_inner][vc_column_inner el_class=&#8220;mobile&#8220; width=&#8220;3\/5&#8243; offset=&#8220;vc_col-xs-3\/5&#8243;][vc_column_text]<\/p>\n<h3>Stephanie Donat<\/h3>\n<p>Senior-Projektmanagerin[\/vc_column_text][\/vc_column_inner][\/vc_row_inner][vc_row_inner content_placement=&#8220;middle&#8220; css=&#8220;.vc_custom_1652783469976{padding-bottom: 3vh !important;}&#8220;][vc_column_inner width=&#8220;2\/5&#8243; offset=&#8220;vc_col-xs-2\/5&#8243;][vc_single_image image=&#8220;48081&#8243; img_size=&#8220;full&#8220; alignment=&#8220;center&#8220; style=&#8220;vc_box_circle&#8220;][\/vc_column_inner][vc_column_inner el_class=&#8220;mobile&#8220; width=&#8220;3\/5&#8243; offset=&#8220;vc_col-xs-3\/5&#8243;][vc_column_text]<\/p>\n<h3>Katarzyna Hoffmann<\/h3>\n<p>Senior-Projektmanagerin[\/vc_column_text][\/vc_column_inner][\/vc_row_inner][vc_row_inner content_placement=&#8220;middle&#8220; css=&#8220;.vc_custom_1652783469976{padding-bottom: 3vh !important;}&#8220;][vc_column_inner width=&#8220;2\/5&#8243; offset=&#8220;vc_col-xs-2\/5&#8243;][vc_single_image image=&#8220;48093&#8243; img_size=&#8220;full&#8220; alignment=&#8220;center&#8220; style=&#8220;vc_box_circle&#8220;][\/vc_column_inner][vc_column_inner el_class=&#8220;mobile&#8220; width=&#8220;3\/5&#8243; offset=&#8220;vc_col-xs-3\/5&#8243;][vc_column_text]<\/p>\n<h3>Harriet Nimmo<\/h3>\n<p>Projektmanagerin[\/vc_column_text][\/vc_column_inner][\/vc_row_inner][vc_row_inner content_placement=&#8220;middle&#8220; css=&#8220;.vc_custom_1652783469976{padding-bottom: 3vh !important;}&#8220;][vc_column_inner width=&#8220;2\/5&#8243; offset=&#8220;vc_col-xs-2\/5&#8243;][vc_single_image image=&#8220;48075&#8243; img_size=&#8220;full&#8220; alignment=&#8220;center&#8220; style=&#8220;vc_box_circle&#8220;][\/vc_column_inner][vc_column_inner el_class=&#8220;mobile&#8220; width=&#8220;3\/5&#8243; offset=&#8220;vc_col-xs-3\/5&#8243;][vc_column_text]<\/p>\n<h3>Jinny Verdonck<\/h3>\n<p>Projektmanagerin[\/vc_column_text][\/vc_column_inner][\/vc_row_inner][vc_row_inner content_placement=&#8220;middle&#8220; css=&#8220;.vc_custom_1652783469976{padding-bottom: 3vh !important;}&#8220;][vc_column_inner width=&#8220;2\/5&#8243; offset=&#8220;vc_col-xs-2\/5&#8243;][vc_single_image image=&#8220;54038&#8243; img_size=&#8220;full&#8220; alignment=&#8220;center&#8220; style=&#8220;vc_box_circle&#8220;][\/vc_column_inner][vc_column_inner el_class=&#8220;mobile&#8220; width=&#8220;3\/5&#8243; offset=&#8220;vc_col-xs-3\/5&#8243;][vc_column_text]<\/p>\n<h3>Zo\u00eb Thomason<\/h3>\n<p>Projektmanagerin[\/vc_column_text][\/vc_column_inner][\/vc_row_inner][vc_row_inner content_placement=&#8220;middle&#8220; css=&#8220;.vc_custom_1652783469976{padding-bottom: 3vh !important;}&#8220;][vc_column_inner width=&#8220;2\/5&#8243; offset=&#8220;vc_col-xs-2\/5&#8243;][vc_single_image image=&#8220;48141&#8243; img_size=&#8220;full&#8220; alignment=&#8220;center&#8220; style=&#8220;vc_box_circle&#8220;][\/vc_column_inner][vc_column_inner el_class=&#8220;mobile&#8220; width=&#8220;3\/5&#8243; offset=&#8220;vc_col-xs-3\/5&#8243;][vc_column_text]<\/p>\n<h3>Nicole Gansterer<\/h3>\n<p>Senior-Lektorin &amp; Language Lead \u2013 Deutsch[\/vc_column_text][\/vc_column_inner][\/vc_row_inner][vc_row_inner content_placement=&#8220;middle&#8220; css=&#8220;.vc_custom_1652783469976{padding-bottom: 3vh !important;}&#8220;][vc_column_inner width=&#8220;2\/5&#8243; offset=&#8220;vc_col-xs-2\/5&#8243;][vc_single_image image=&#8220;48135&#8243; img_size=&#8220;full&#8220; alignment=&#8220;center&#8220; style=&#8220;vc_box_circle&#8220;][\/vc_column_inner][vc_column_inner el_class=&#8220;mobile&#8220; width=&#8220;3\/5&#8243; offset=&#8220;vc_col-xs-3\/5&#8243;][vc_column_text]<\/p>\n<h3>Melanie Morawetz<\/h3>\n<p>Senior-\u00dcbersetzerin &amp; Language Lead\u00a0\u2013 Deutsch[\/vc_column_text][\/vc_column_inner][\/vc_row_inner][vc_row_inner content_placement=&#8220;middle&#8220; css=&#8220;.vc_custom_1652783469976{padding-bottom: 3vh !important;}&#8220;][vc_column_inner width=&#8220;2\/5&#8243; offset=&#8220;vc_col-xs-2\/5&#8243;][vc_single_image image=&#8220;48195&#8243; img_size=&#8220;full&#8220; alignment=&#8220;center&#8220; style=&#8220;vc_box_circle&#8220;][\/vc_column_inner][vc_column_inner el_class=&#8220;mobile&#8220; width=&#8220;3\/5&#8243; offset=&#8220;vc_col-xs-3\/5&#8243;][vc_column_text]<\/p>\n<h3>Martine Wilmes<\/h3>\n<p>\u00dcbersetzerin\u00a0\u2013 Deutsch[\/vc_column_text][\/vc_column_inner][\/vc_row_inner][\/vc_column][\/vc_row][vc_row full_width=&#8220;stretch_row&#8220; css=&#8220;.vc_custom_1652197242442{margin-top: 10vh !important;background-color: #f8f8f8 !important;}&#8220;][vc_column offset=&#8220;vc_hidden-sm vc_hidden-xs&#8220;][vc_row_inner css=&#8220;.vc_custom_1652101175097{padding-top: 7vh !important;padding-bottom: 10vh !important;}&#8220; el_id=&#8220;desktop-tablet-view&#8220;][vc_column_inner width=&#8220;1\/4&#8243;][\/vc_column_inner][vc_column_inner width=&#8220;1\/2&#8243;][vc_column_text]<\/p>\n<h2 style=\"text-align: center;\"><strong><em>Mehr als 300\u00a0Sprachtalente\u00a0\u2013 und unser Netzwerk w\u00e4chst stetig weiter<\/em><\/strong><\/h2>\n<p style=\"text-align: center; color: #1f375d;\">Neben unserem Inhouse-Team arbeiten wir auch mit einem festen Stamm an mehr als 300 hochqualifizierten Freelancer*innen zusammen. So k\u00f6nnen wir Projekte jeder Gr\u00f6\u00dfe betreuen und stets Spitzenleistungen erbringen.<\/p>\n<p style=\"text-align: center; color: #1f375d;\">Genau das ist unser Erfolgsrezept.<\/p>\n<p>[\/vc_column_text][\/vc_column_inner][vc_column_inner width=&#8220;1\/4&#8243;][\/vc_column_inner][\/vc_row_inner][\/vc_column][\/vc_row][vc_row full_width=&#8220;stretch_row&#8220; css=&#8220;.vc_custom_1652100053716{background-color: #f8f8f8 !important;}&#8220;][vc_column offset=&#8220;vc_hidden-lg vc_hidden-md&#8220;][vc_row_inner css=&#8220;.vc_custom_1652101175097{padding-top: 7vh !important;padding-bottom: 10vh !important;}&#8220;][vc_column_inner][vc_column_text]<\/p>\n<h2 style=\"text-align: center;\"><strong><em>Mehr als 300\u00a0Sprachtalente\u00a0\u2013 und unser Netzwerk w\u00e4chst stetig weiter<\/em><\/strong><\/h2>\n<p style=\"text-align: center; color: #1f375d;\">Neben unserem Inhouse-Team arbeiten wir auch mit einem festen Stamm an mehr als 300 hochqualifizierten Freelancer*innen zusammen. So k\u00f6nnen wir Projekte jeder Gr\u00f6\u00dfe betreuen und stets Spitzenleistungen erbringen.<\/p>\n<p style=\"text-align: center; color: #1f375d;\">Genau das ist unser Erfolgsrezept.<\/p>\n<p>[\/vc_column_text][\/vc_column_inner][\/vc_row_inner][\/vc_column][\/vc_row][vc_row][vc_column][vc_column_text]<\/p>\n<div id=\"excerpt\" class=\"memsource-post-attribute\">\n<div class=\"memsource-post-attribute-end\"><\/div>\n<\/div>\n<p>[\/vc_column_text][\/vc_column][\/vc_row]<\/p>\n","protected":false},"excerpt":{"rendered":"<p>[vc_row full_width=&#8220;stretch_row&#8220; content_placement=&#8220;middle&#8220; css=&#8220;.vc_custom_1652780083671{padding-top: 8vh !important;padding-bottom: 10vh !important;background-color: #f8f8f8 !important;}&#8220;][vc_column][vc_row_inner content_placement=&#8220;middle&#8220; el_id=&#8220;desktop-view&#8220;][vc_column_inner width=&#8220;5\/12&#8243; offset=&#8220;vc_hidden-sm vc_hidden-xs&#8220;][vc_column_text] Lernen Sie das Team von AJT kennen [\/vc_column_text][vc_column_text] Die Leidenschaft f\u00fcr Sprachen und interkulturelle Kommunikation verbindet unser Team aus Sprachtalenten und Projektmanager*innen. Unser festes Inhouse-Team setzt sich aus professionellen \u00dcbersetzer*innen, Fachkr\u00e4ften im Lektorat und mehrsprachigen Projektmanager*innen zusammen. [\/vc_column_text][\/vc_column_inner][vc_column_inner width=&#8220;7\/12&#8243; offset=&#8220;vc_hidden-sm<\/p>\n","protected":false},"author":1,"featured_media":0,"parent":0,"menu_order":0,"comment_status":"closed","ping_status":"closed","template":"","meta":{"inline_featured_image":false},"yoast_head":"<!-- This site is optimized with the Yoast SEO plugin v19.10 - https:\/\/yoast.com\/wordpress\/plugins\/seo\/ -->\n<title>Unser Team | AJT<\/title>\n<meta name=\"description\" content=\"Die Leidenschaft f\u00fcr Sprachen und interkulturelle Kommunikation verbindet unser Team aus Sprachtalenten und Projektmanager*innen. Lernen Sie unser Team kennen.\" \/>\n<meta name=\"robots\" content=\"index, follow, max-snippet:-1, max-image-preview:large, max-video-preview:-1\" \/>\n<link rel=\"canonical\" href=\"https:\/\/ajt.morton.media\/de\/unser-team\/\" \/>\n<meta property=\"og:locale\" content=\"de_DE\" \/>\n<meta property=\"og:type\" content=\"article\" \/>\n<meta property=\"og:title\" content=\"Unser Team | AJT\" \/>\n<meta property=\"og:description\" content=\"Die Leidenschaft f\u00fcr Sprachen und interkulturelle Kommunikation verbindet unser Team aus Sprachtalenten und Projektmanager*innen. Lernen Sie unser Team kennen.\" \/>\n<meta property=\"og:url\" content=\"https:\/\/ajt.morton.media\/de\/unser-team\/\" \/>\n<meta property=\"og:site_name\" content=\"AJT\" \/>\n<meta property=\"article:modified_time\" content=\"2024-08-05T15:05:12+00:00\" \/>\n<meta name=\"twitter:label1\" content=\"Gesch\u00e4tzte Lesezeit\" \/>\n\t<meta name=\"twitter:data1\" content=\"5\u00a0Minuten\" \/>\n<script type=\"application\/ld+json\" class=\"yoast-schema-graph\">{\"@context\":\"https:\/\/schema.org\",\"@graph\":[{\"@type\":\"WebPage\",\"@id\":\"https:\/\/ajt.morton.media\/de\/unser-team\/\",\"url\":\"https:\/\/ajt.morton.media\/de\/unser-team\/\",\"name\":\"Unser Team | AJT\",\"isPartOf\":{\"@id\":\"https:\/\/www.teamajt.com\/#website\"},\"datePublished\":\"2022-07-07T10:55:22+00:00\",\"dateModified\":\"2024-08-05T15:05:12+00:00\",\"description\":\"Die Leidenschaft f\u00fcr Sprachen und interkulturelle Kommunikation verbindet unser Team aus Sprachtalenten und Projektmanager*innen. Lernen Sie unser Team kennen.\",\"breadcrumb\":{\"@id\":\"https:\/\/ajt.morton.media\/de\/unser-team\/#breadcrumb\"},\"inLanguage\":\"de\",\"potentialAction\":[{\"@type\":\"ReadAction\",\"target\":[\"https:\/\/ajt.morton.media\/de\/unser-team\/\"]}]},{\"@type\":\"BreadcrumbList\",\"@id\":\"https:\/\/ajt.morton.media\/de\/unser-team\/#breadcrumb\",\"itemListElement\":[{\"@type\":\"ListItem\",\"position\":1,\"name\":\"Home\",\"item\":\"https:\/\/www.teamajt.com\/de\/\"},{\"@type\":\"ListItem\",\"position\":2,\"name\":\"Unser Team\"}]},{\"@type\":\"WebSite\",\"@id\":\"https:\/\/www.teamajt.com\/#website\",\"url\":\"https:\/\/www.teamajt.com\/\",\"name\":\"AJT\",\"description\":\"\",\"publisher\":{\"@id\":\"https:\/\/www.teamajt.com\/#organization\"},\"potentialAction\":[{\"@type\":\"SearchAction\",\"target\":{\"@type\":\"EntryPoint\",\"urlTemplate\":\"https:\/\/www.teamajt.com\/?s={search_term_string}\"},\"query-input\":\"required name=search_term_string\"}],\"inLanguage\":\"de\"},{\"@type\":\"Organization\",\"@id\":\"https:\/\/www.teamajt.com\/#organization\",\"name\":\"Anja Jones Translation\",\"url\":\"https:\/\/www.teamajt.com\/\",\"logo\":{\"@type\":\"ImageObject\",\"inLanguage\":\"de\",\"@id\":\"https:\/\/www.teamajt.com\/#\/schema\/logo\/image\/\",\"url\":\"https:\/\/ajt.morton.media\/wp-content\/uploads\/ajt_logo.png\",\"contentUrl\":\"https:\/\/ajt.morton.media\/wp-content\/uploads\/ajt_logo.png\",\"width\":889,\"height\":877,\"caption\":\"Anja Jones Translation\"},\"image\":{\"@id\":\"https:\/\/www.teamajt.com\/#\/schema\/logo\/image\/\"}}]}<\/script>\n<!-- \/ Yoast SEO plugin. -->","yoast_head_json":{"title":"Unser Team | AJT","description":"Die Leidenschaft f\u00fcr Sprachen und interkulturelle Kommunikation verbindet unser Team aus Sprachtalenten und Projektmanager*innen. Lernen Sie unser Team kennen.","robots":{"index":"index","follow":"follow","max-snippet":"max-snippet:-1","max-image-preview":"max-image-preview:large","max-video-preview":"max-video-preview:-1"},"canonical":"https:\/\/ajt.morton.media\/de\/unser-team\/","og_locale":"de_DE","og_type":"article","og_title":"Unser Team | AJT","og_description":"Die Leidenschaft f\u00fcr Sprachen und interkulturelle Kommunikation verbindet unser Team aus Sprachtalenten und Projektmanager*innen. Lernen Sie unser Team kennen.","og_url":"https:\/\/ajt.morton.media\/de\/unser-team\/","og_site_name":"AJT","article_modified_time":"2024-08-05T15:05:12+00:00","twitter_misc":{"Gesch\u00e4tzte Lesezeit":"5\u00a0Minuten"},"schema":{"@context":"https:\/\/schema.org","@graph":[{"@type":"WebPage","@id":"https:\/\/ajt.morton.media\/de\/unser-team\/","url":"https:\/\/ajt.morton.media\/de\/unser-team\/","name":"Unser Team | AJT","isPartOf":{"@id":"https:\/\/www.teamajt.com\/#website"},"datePublished":"2022-07-07T10:55:22+00:00","dateModified":"2024-08-05T15:05:12+00:00","description":"Die Leidenschaft f\u00fcr Sprachen und interkulturelle Kommunikation verbindet unser Team aus Sprachtalenten und Projektmanager*innen. Lernen Sie unser Team kennen.","breadcrumb":{"@id":"https:\/\/ajt.morton.media\/de\/unser-team\/#breadcrumb"},"inLanguage":"de","potentialAction":[{"@type":"ReadAction","target":["https:\/\/ajt.morton.media\/de\/unser-team\/"]}]},{"@type":"BreadcrumbList","@id":"https:\/\/ajt.morton.media\/de\/unser-team\/#breadcrumb","itemListElement":[{"@type":"ListItem","position":1,"name":"Home","item":"https:\/\/www.teamajt.com\/de\/"},{"@type":"ListItem","position":2,"name":"Unser Team"}]},{"@type":"WebSite","@id":"https:\/\/www.teamajt.com\/#website","url":"https:\/\/www.teamajt.com\/","name":"AJT","description":"","publisher":{"@id":"https:\/\/www.teamajt.com\/#organization"},"potentialAction":[{"@type":"SearchAction","target":{"@type":"EntryPoint","urlTemplate":"https:\/\/www.teamajt.com\/?s={search_term_string}"},"query-input":"required name=search_term_string"}],"inLanguage":"de"},{"@type":"Organization","@id":"https:\/\/www.teamajt.com\/#organization","name":"Anja Jones Translation","url":"https:\/\/www.teamajt.com\/","logo":{"@type":"ImageObject","inLanguage":"de","@id":"https:\/\/www.teamajt.com\/#\/schema\/logo\/image\/","url":"https:\/\/ajt.morton.media\/wp-content\/uploads\/ajt_logo.png","contentUrl":"https:\/\/ajt.morton.media\/wp-content\/uploads\/ajt_logo.png","width":889,"height":877,"caption":"Anja Jones Translation"},"image":{"@id":"https:\/\/www.teamajt.com\/#\/schema\/logo\/image\/"}}]}},"_links":{"self":[{"href":"https:\/\/ajt.morton.media\/de\/wp-json\/wp\/v2\/pages\/49917"}],"collection":[{"href":"https:\/\/ajt.morton.media\/de\/wp-json\/wp\/v2\/pages"}],"about":[{"href":"https:\/\/ajt.morton.media\/de\/wp-json\/wp\/v2\/types\/page"}],"author":[{"embeddable":true,"href":"https:\/\/ajt.morton.media\/de\/wp-json\/wp\/v2\/users\/1"}],"replies":[{"embeddable":true,"href":"https:\/\/ajt.morton.media\/de\/wp-json\/wp\/v2\/comments?post=49917"}],"version-history":[{"count":34,"href":"https:\/\/ajt.morton.media\/de\/wp-json\/wp\/v2\/pages\/49917\/revisions"}],"predecessor-version":[{"id":55523,"href":"https:\/\/ajt.morton.media\/de\/wp-json\/wp\/v2\/pages\/49917\/revisions\/55523"}],"wp:attachment":[{"href":"https:\/\/ajt.morton.media\/de\/wp-json\/wp\/v2\/media?parent=49917"}],"curies":[{"name":"wp","href":"https:\/\/api.w.org\/{rel}","templated":true}]}}