

 
{"id":49991,"date":"2022-07-07T16:29:38","date_gmt":"2022-07-07T15:29:38","guid":{"rendered":"https:\/\/ajt.morton.media\/?page_id=49991"},"modified":"2024-08-05T16:04:02","modified_gmt":"2024-08-05T15:04:02","slug":"notre-equipe","status":"publish","type":"page","link":"https:\/\/ajt.morton.media\/fr\/notre-equipe\/","title":{"rendered":"Notre \u00e9quipe"},"content":{"rendered":"<p>[vc_row full_width=\u00a0\u00bbstretch_row\u00a0\u00bb content_placement=\u00a0\u00bbmiddle\u00a0\u00bb css=\u00a0\u00bb.vc_custom_1652780083671{padding-top: 8vh !important;padding-bottom: 10vh !important;background-color: #f8f8f8 !important;}\u00a0\u00bb][vc_column][vc_row_inner content_placement=\u00a0\u00bbmiddle\u00a0\u00bb el_id=\u00a0\u00bbdesktop-view\u00a0\u00bb][vc_column_inner width=\u00a0\u00bb5\/12&Prime; offset=\u00a0\u00bbvc_hidden-sm vc_hidden-xs\u00a0\u00bb][vc_column_text]<\/p>\n<h1>Rencontrez notre \u00e9quipe<\/h1>\n<p>[\/vc_column_text][vc_column_text]<\/p>\n<p style=\"color: #1f375d;\">Nous formons une communaut\u00e9 soud\u00e9e de linguistes qui partagent la m\u00eame passion pour les langues et la communication interculturelle. Notre \u00e9quipe interne se compose de sp\u00e9cialistes de la traduction, de la relecture et de la gestion de projets multilingues.<\/p>\n<p>[\/vc_column_text][\/vc_column_inner][vc_column_inner width=\u00a0\u00bb7\/12&Prime; offset=\u00a0\u00bbvc_hidden-sm vc_hidden-xs\u00a0\u00bb][vc_single_image image=\u00a0\u00bb47989&Prime; img_size=\u00a0\u00bb\u00a0\u00bb alignment=\u00a0\u00bbcenter\u00a0\u00bb el_class=\u00a0\u00bbsvg-image\u00a0\u00bb][\/vc_column_inner][\/vc_row_inner][vc_row_inner content_placement=\u00a0\u00bbmiddle\u00a0\u00bb el_id=\u00a0\u00bbtablet-view\u00a0\u00bb][vc_column_inner width=\u00a0\u00bb1\/2&Prime; offset=\u00a0\u00bbvc_hidden-lg vc_hidden-md vc_hidden-xs\u00a0\u00bb][vc_column_text]<\/p>\n<h1>Rencontrez notre \u00e9quipe<\/h1>\n<p>[\/vc_column_text][vc_column_text]<\/p>\n<p style=\"color: #1f375d;\">Nous formons une communaut\u00e9 soud\u00e9e de linguistes qui partagent la m\u00eame passion pour les langues et la communication interculturelle. Notre \u00e9quipe interne se compose de sp\u00e9cialistes de la traduction, de la relecture et de la gestion de projets multilingues.<\/p>\n<p>[\/vc_column_text][\/vc_column_inner][vc_column_inner width=\u00a0\u00bb1\/2&Prime; offset=\u00a0\u00bbvc_hidden-lg vc_hidden-md vc_hidden-xs\u00a0\u00bb][vc_single_image image=\u00a0\u00bb47989&Prime; img_size=\u00a0\u00bb\u00a0\u00bb alignment=\u00a0\u00bbcenter\u00a0\u00bb el_class=\u00a0\u00bbsvg-image\u00a0\u00bb][\/vc_column_inner][\/vc_row_inner][vc_row_inner content_placement=\u00a0\u00bbtop\u00a0\u00bb el_id=\u00a0\u00bbmobile-view\u00a0\u00bb][vc_column_inner offset=\u00a0\u00bbvc_hidden-lg vc_hidden-md vc_hidden-sm\u00a0\u00bb][vc_single_image image=\u00a0\u00bb47989&Prime; img_size=\u00a0\u00bb\u00a0\u00bb alignment=\u00a0\u00bbcenter\u00a0\u00bb el_class=\u00a0\u00bbsvg-image\u00a0\u00bb][vc_column_text]<\/p>\n<h1>Rencontrez notre \u00e9quipe<\/h1>\n<p>[\/vc_column_text][vc_column_text]<\/p>\n<p style=\"color: #1f375d;\">Nous formons une communaut\u00e9 soud\u00e9e de linguistes qui partagent la m\u00eame passion pour les langues et la communication interculturelle. Notre \u00e9quipe interne se compose de sp\u00e9cialistes de la traduction, de la relecture et de la gestion de projets multilingues.<\/p>\n<p>[\/vc_column_text][\/vc_column_inner][\/vc_row_inner][\/vc_column][\/vc_row][vc_row css=\u00a0\u00bb.vc_custom_1651850604606{margin-top: 10vh !important;margin-bottom: 5vh !important;}\u00a0\u00bb][vc_column][vc_column_text]<\/p>\n<h2 style=\"text-align: center;\"><strong><em>Faisons connaissance<\/em><\/strong><\/h2>\n<p>[\/vc_column_text][\/vc_column][\/vc_row][vc_row el_class=\u00a0\u00bbteam-gallery\u00a0\u00bb el_id=\u00a0\u00bbdesktop-view\u00a0\u00bb][vc_column offset=\u00a0\u00bbvc_hidden-md vc_hidden-sm vc_hidden-xs\u00a0\u00bb][vc_row_inner][vc_column_inner width=\u00a0\u00bb1\/4&Prime;][vc_single_image image=\u00a0\u00bb48032&Prime; img_size=\u00a0\u00bbfull\u00a0\u00bb alignment=\u00a0\u00bbcenter\u00a0\u00bb][vc_column_text css=\u00a0\u00bb.vc_custom_1651850655039{border-top-width: 4px !important;border-top-color: #1f375d !important;border-top-style: solid !important;}\u00a0\u00bb]<\/p>\n<h3>Anja Jones<\/h3>\n<p>Directrice g\u00e9n\u00e9rale[\/vc_column_text][\/vc_column_inner][vc_column_inner width=\u00a0\u00bb1\/4&Prime;][vc_single_image image=\u00a0\u00bb47715&Prime; img_size=\u00a0\u00bbfull\u00a0\u00bb alignment=\u00a0\u00bbcenter\u00a0\u00bb][vc_column_text css=\u00a0\u00bb.vc_custom_1675352397885{border-top-width: 4px !important;border-top-color: #1f375d !important;border-top-style: solid !important;}\u00a0\u00bb]<\/p>\n<h3>Mark Jones<\/h3>\n<p>Administrateur externe[\/vc_column_text][\/vc_column_inner][vc_column_inner width=\u00a0\u00bb1\/4&Prime;][vc_single_image image=\u00a0\u00bb48038&Prime; img_size=\u00a0\u00bbfull\u00a0\u00bb alignment=\u00a0\u00bbcenter\u00a0\u00bb][vc_column_text css=\u00a0\u00bb.vc_custom_1651850573232{border-top-width: 4px !important;border-top-color: #1f375d !important;border-top-style: solid !important;}\u00a0\u00bb]<\/p>\n<h3>Sarah Steib-Weber<\/h3>\n<p>Responsable des services de traduction[\/vc_column_text][\/vc_column_inner][vc_column_inner width=\u00a0\u00bb1\/4&Prime;][vc_single_image image=\u00a0\u00bb48044&Prime; img_size=\u00a0\u00bbfull\u00a0\u00bb alignment=\u00a0\u00bbcenter\u00a0\u00bb][vc_column_text css=\u00a0\u00bb.vc_custom_1651850642395{border-top-width: 4px !important;border-top-color: #1f375d !important;border-top-style: solid !important;}\u00a0\u00bb]<\/p>\n<h3>Nikki Cowland<\/h3>\n<p>Responsable des op\u00e9rations[\/vc_column_text][\/vc_column_inner][\/vc_row_inner][vc_row_inner css=\u00a0\u00bb.vc_custom_1651850525147{margin-top: 5vh !important;}\u00a0\u00bb][vc_column_inner width=\u00a0\u00bb1\/4&Prime;][vc_single_image image=\u00a0\u00bb48062&Prime; img_size=\u00a0\u00bbfull\u00a0\u00bb alignment=\u00a0\u00bbcenter\u00a0\u00bb][vc_column_text css=\u00a0\u00bb.vc_custom_1675349075177{border-top-width: 4px !important;border-top-color: #1f375d !important;border-top-style: solid !important;}\u00a0\u00bb]<\/p>\n<h3>Stephanie Donat<\/h3>\n<p>Cheffe de projets senior[\/vc_column_text][\/vc_column_inner][vc_column_inner width=\u00a0\u00bb1\/4&Prime;][vc_single_image image=\u00a0\u00bb48080&Prime; img_size=\u00a0\u00bbfull\u00a0\u00bb alignment=\u00a0\u00bbcenter\u00a0\u00bb][vc_column_text css=\u00a0\u00bb.vc_custom_1696185600638{border-top-width: 4px !important;border-top-color: #1f375d !important;border-top-style: solid !important;}\u00a0\u00bb]<\/p>\n<h3>Katarzyna Hoffmann<\/h3>\n<p>Cheffe de projets senior[\/vc_column_text][\/vc_column_inner][vc_column_inner width=\u00a0\u00bb1\/4&Prime;][vc_single_image image=\u00a0\u00bb48092&Prime; img_size=\u00a0\u00bbfull\u00a0\u00bb alignment=\u00a0\u00bbcenter\u00a0\u00bb][vc_column_text css=\u00a0\u00bb.vc_custom_1669625695376{border-top-width: 4px !important;border-top-color: #1f375d !important;border-top-style: solid !important;}\u00a0\u00bb]<\/p>\n<h3>Harriet Nimmo<\/h3>\n<p>Cheffe de projets[\/vc_column_text][\/vc_column_inner][vc_column_inner width=\u00a0\u00bb1\/4&Prime;][vc_single_image image=\u00a0\u00bb48074&Prime; img_size=\u00a0\u00bbfull\u00a0\u00bb alignment=\u00a0\u00bbcenter\u00a0\u00bb][vc_column_text css=\u00a0\u00bb.vc_custom_1651850789493{border-top-width: 4px !important;border-top-color: #1f375d !important;border-top-style: solid !important;}\u00a0\u00bb]<\/p>\n<h3>Jinny Verdonck<\/h3>\n<p>Cheffe de projets[\/vc_column_text][\/vc_column_inner][\/vc_row_inner][vc_row_inner css=\u00a0\u00bb.vc_custom_1651850756227{margin-top: 5vh !important;}\u00a0\u00bb][vc_column_inner width=\u00a0\u00bb1\/4&Prime;][vc_single_image image=\u00a0\u00bb54037&Prime; img_size=\u00a0\u00bbfull\u00a0\u00bb alignment=\u00a0\u00bbcenter\u00a0\u00bb][vc_column_text css=\u00a0\u00bb.vc_custom_1709306377354{border-top-width: 4px !important;border-top-color: #1f375d !important;border-top-style: solid !important;}\u00a0\u00bb]<\/p>\n<h3>Zo\u00eb Thomason<\/h3>\n<p>Cheffe de projets[\/vc_column_text][\/vc_column_inner][vc_column_inner width=\u00a0\u00bb1\/4&Prime;][vc_single_image image=\u00a0\u00bb48140&Prime; img_size=\u00a0\u00bbfull\u00a0\u00bb alignment=\u00a0\u00bbcenter\u00a0\u00bb][vc_column_text css=\u00a0\u00bb.vc_custom_1658739902597{border-top-width: 4px !important;border-top-color: #1f375d !important;border-top-style: solid !important;}\u00a0\u00bb]<\/p>\n<h3>Nicole Gansterer<\/h3>\n<p>R\u00e9viseuse senior et linguiste de r\u00e9f\u00e9rence &#8211; Allemand[\/vc_column_text][\/vc_column_inner][vc_column_inner width=\u00a0\u00bb1\/4&Prime;][vc_single_image image=\u00a0\u00bb48134&Prime; img_size=\u00a0\u00bbfull\u00a0\u00bb alignment=\u00a0\u00bbcenter\u00a0\u00bb][vc_column_text css=\u00a0\u00bb.vc_custom_1658739937757{border-top-width: 4px !important;border-top-color: #1f375d !important;border-top-style: solid !important;}\u00a0\u00bb]<\/p>\n<h3>Melanie Morawetz<\/h3>\n<p>Traductrice senior et linguiste de r\u00e9f\u00e9rence &#8211; Allemand[\/vc_column_text][\/vc_column_inner][vc_column_inner width=\u00a0\u00bb1\/4&Prime;][vc_single_image image=\u00a0\u00bb48194&Prime; img_size=\u00a0\u00bbfull\u00a0\u00bb alignment=\u00a0\u00bbcenter\u00a0\u00bb][vc_column_text css=\u00a0\u00bb.vc_custom_1661848531247{border-top-width: 4px !important;border-top-color: #1f375d !important;border-top-style: solid !important;}\u00a0\u00bb]<\/p>\n<h3>Martine Wilmes<\/h3>\n<p>Traductrice &#8211; Allemand[\/vc_column_text][\/vc_column_inner][\/vc_row_inner][\/vc_column][\/vc_row][vc_row el_class=\u00a0\u00bbteam-gallery\u00a0\u00bb el_id=\u00a0\u00bbtablet-view\u00a0\u00bb][vc_column offset=\u00a0\u00bbvc_hidden-lg vc_hidden-xs\u00a0\u00bb][vc_row_inner][vc_column_inner width=\u00a0\u00bb1\/3&Prime;][vc_single_image image=\u00a0\u00bb48032&Prime; img_size=\u00a0\u00bbfull\u00a0\u00bb alignment=\u00a0\u00bbcenter\u00a0\u00bb][vc_column_text css=\u00a0\u00bb.vc_custom_1651850655039{border-top-width: 4px !important;border-top-color: #1f375d !important;border-top-style: solid !important;}\u00a0\u00bb]<\/p>\n<h3>Anja Jones<\/h3>\n<p>Directrice g\u00e9n\u00e9rale[\/vc_column_text][\/vc_column_inner][vc_column_inner width=\u00a0\u00bb1\/3&Prime;][vc_single_image image=\u00a0\u00bb47715&Prime; img_size=\u00a0\u00bbfull\u00a0\u00bb alignment=\u00a0\u00bbcenter\u00a0\u00bb][vc_column_text css=\u00a0\u00bb.vc_custom_1675352406459{border-top-width: 4px !important;border-top-color: #1f375d !important;border-top-style: solid !important;}\u00a0\u00bb]<\/p>\n<h3>Mark Jones<\/h3>\n<p>Administrateur externe[\/vc_column_text][\/vc_column_inner][vc_column_inner width=\u00a0\u00bb1\/3&Prime;][vc_single_image image=\u00a0\u00bb48038&Prime; img_size=\u00a0\u00bbfull\u00a0\u00bb alignment=\u00a0\u00bbcenter\u00a0\u00bb][vc_column_text css=\u00a0\u00bb.vc_custom_1651850573232{border-top-width: 4px !important;border-top-color: #1f375d !important;border-top-style: solid !important;}\u00a0\u00bb]<\/p>\n<h3>Sarah Steib-Weber<\/h3>\n<p>Responsable des services de traduction[\/vc_column_text][\/vc_column_inner][\/vc_row_inner][vc_row_inner css=\u00a0\u00bb.vc_custom_1651850525147{margin-top: 5vh !important;}\u00a0\u00bb][vc_column_inner width=\u00a0\u00bb1\/3&Prime;][vc_single_image image=\u00a0\u00bb48044&Prime; img_size=\u00a0\u00bbfull\u00a0\u00bb alignment=\u00a0\u00bbcenter\u00a0\u00bb][vc_column_text css=\u00a0\u00bb.vc_custom_1651850642395{border-top-width: 4px !important;border-top-color: #1f375d !important;border-top-style: solid !important;}\u00a0\u00bb]<\/p>\n<h3>Nikki Cowland<\/h3>\n<p>Responsable des op\u00e9rations[\/vc_column_text][\/vc_column_inner][vc_column_inner width=\u00a0\u00bb1\/3&Prime;][vc_single_image image=\u00a0\u00bb48062&Prime; img_size=\u00a0\u00bbfull\u00a0\u00bb alignment=\u00a0\u00bbcenter\u00a0\u00bb][vc_column_text css=\u00a0\u00bb.vc_custom_1675349628541{border-top-width: 4px !important;border-top-color: #1f375d !important;border-top-style: solid !important;}\u00a0\u00bb]<\/p>\n<h3>Stephanie Donat<\/h3>\n<p>Cheffe de projets senior[\/vc_column_text][\/vc_column_inner][vc_column_inner width=\u00a0\u00bb1\/3&Prime;][vc_single_image image=\u00a0\u00bb48080&Prime; img_size=\u00a0\u00bbfull\u00a0\u00bb alignment=\u00a0\u00bbcenter\u00a0\u00bb][vc_column_text css=\u00a0\u00bb.vc_custom_1696185608589{border-top-width: 4px !important;border-top-color: #1f375d !important;border-top-style: solid !important;}\u00a0\u00bb]<\/p>\n<h3>Katarzyna Hoffmann<\/h3>\n<p>Cheffe de projets senior[\/vc_column_text][\/vc_column_inner][\/vc_row_inner][vc_row_inner css=\u00a0\u00bb.vc_custom_1651850525147{margin-top: 5vh !important;}\u00a0\u00bb][vc_column_inner width=\u00a0\u00bb1\/3&Prime;][vc_single_image image=\u00a0\u00bb48092&Prime; img_size=\u00a0\u00bbfull\u00a0\u00bb alignment=\u00a0\u00bbcenter\u00a0\u00bb][vc_column_text css=\u00a0\u00bb.vc_custom_1669625716439{border-top-width: 4px !important;border-top-color: #1f375d !important;border-top-style: solid !important;}\u00a0\u00bb]<\/p>\n<h3>Harriet Nimmo<\/h3>\n<p>Cheffe de projets[\/vc_column_text][\/vc_column_inner][vc_column_inner width=\u00a0\u00bb1\/3&Prime;][vc_single_image image=\u00a0\u00bb48074&Prime; img_size=\u00a0\u00bbfull\u00a0\u00bb alignment=\u00a0\u00bbcenter\u00a0\u00bb][vc_column_text css=\u00a0\u00bb.vc_custom_1651850789493{border-top-width: 4px !important;border-top-color: #1f375d !important;border-top-style: solid !important;}\u00a0\u00bb]<\/p>\n<h3>Jinny Verdonck<\/h3>\n<p>Cheffe de projets[\/vc_column_text][\/vc_column_inner][vc_column_inner width=\u00a0\u00bb1\/3&Prime;][vc_single_image image=\u00a0\u00bb54037&Prime; img_size=\u00a0\u00bbfull\u00a0\u00bb alignment=\u00a0\u00bbcenter\u00a0\u00bb][vc_column_text css=\u00a0\u00bb.vc_custom_1709306389040{border-top-width: 4px !important;border-top-color: #1f375d !important;border-top-style: solid !important;}\u00a0\u00bb]<\/p>\n<h3>Zo\u00eb Thomason<\/h3>\n<p>Cheffe de projets[\/vc_column_text][\/vc_column_inner][\/vc_row_inner][vc_row_inner css=\u00a0\u00bb.vc_custom_1651850756227{margin-top: 5vh !important;}\u00a0\u00bb][vc_column_inner width=\u00a0\u00bb1\/3&Prime;][vc_single_image image=\u00a0\u00bb48140&Prime; img_size=\u00a0\u00bbfull\u00a0\u00bb alignment=\u00a0\u00bbcenter\u00a0\u00bb][vc_column_text css=\u00a0\u00bb.vc_custom_1658739948189{border-top-width: 4px !important;border-top-color: #1f375d !important;border-top-style: solid !important;}\u00a0\u00bb]<\/p>\n<h3>Nicole Gansterer<\/h3>\n<p>R\u00e9viseuse senior et linguiste de r\u00e9f\u00e9rence &#8211; Allemand[\/vc_column_text][\/vc_column_inner][vc_column_inner width=\u00a0\u00bb1\/3&Prime;][vc_single_image image=\u00a0\u00bb48134&Prime; img_size=\u00a0\u00bbfull\u00a0\u00bb alignment=\u00a0\u00bbcenter\u00a0\u00bb][vc_column_text css=\u00a0\u00bb.vc_custom_1658739956900{border-top-width: 4px !important;border-top-color: #1f375d !important;border-top-style: solid !important;}\u00a0\u00bb]<\/p>\n<h3>Melanie Morawetz<\/h3>\n<p>Traductrice senior et linguiste de r\u00e9f\u00e9rence &#8211; Allemand[\/vc_column_text][\/vc_column_inner][vc_column_inner width=\u00a0\u00bb1\/3&Prime;][vc_single_image image=\u00a0\u00bb48194&Prime; img_size=\u00a0\u00bbfull\u00a0\u00bb alignment=\u00a0\u00bbcenter\u00a0\u00bb][vc_column_text css=\u00a0\u00bb.vc_custom_1661848547684{border-top-width: 4px !important;border-top-color: #1f375d !important;border-top-style: solid !important;}\u00a0\u00bb]<\/p>\n<h3>Martine Wilmes<\/h3>\n<p>Traductrice &#8211; Allemand[\/vc_column_text][\/vc_column_inner][\/vc_row_inner][\/vc_column][\/vc_row][vc_row el_class=\u00a0\u00bbteam-gallery-mobile\u00a0\u00bb el_id=\u00a0\u00bbmobile-view\u00a0\u00bb][vc_column offset=\u00a0\u00bbvc_hidden-lg vc_hidden-md vc_hidden-sm\u00a0\u00bb][vc_row_inner content_placement=\u00a0\u00bbmiddle\u00a0\u00bb css=\u00a0\u00bb.vc_custom_1652783458964{padding-bottom: 3vh !important;}\u00a0\u00bb][vc_column_inner width=\u00a0\u00bb2\/5&Prime; offset=\u00a0\u00bbvc_col-xs-2\/5&Prime;][vc_single_image image=\u00a0\u00bb48032&Prime; img_size=\u00a0\u00bbfull\u00a0\u00bb alignment=\u00a0\u00bbcenter\u00a0\u00bb style=\u00a0\u00bbvc_box_circle\u00a0\u00bb][\/vc_column_inner][vc_column_inner el_class=\u00a0\u00bbmobile\u00a0\u00bb width=\u00a0\u00bb3\/5&Prime; offset=\u00a0\u00bbvc_col-xs-3\/5&Prime;][vc_column_text]<\/p>\n<h3>Anja Jones<\/h3>\n<p>Directrice g\u00e9n\u00e9rale[\/vc_column_text][\/vc_column_inner][\/vc_row_inner][vc_row_inner content_placement=\u00a0\u00bbmiddle\u00a0\u00bb css=\u00a0\u00bb.vc_custom_1652783465071{padding-bottom: 3vh !important;}\u00a0\u00bb][vc_column_inner width=\u00a0\u00bb2\/5&Prime; offset=\u00a0\u00bbvc_col-xs-2\/5&Prime;][vc_single_image image=\u00a0\u00bb47715&Prime; img_size=\u00a0\u00bbfull\u00a0\u00bb alignment=\u00a0\u00bbcenter\u00a0\u00bb style=\u00a0\u00bbvc_box_circle\u00a0\u00bb][\/vc_column_inner][vc_column_inner el_class=\u00a0\u00bbmobile\u00a0\u00bb width=\u00a0\u00bb3\/5&Prime; offset=\u00a0\u00bbvc_col-xs-3\/5&Prime;][vc_column_text]<\/p>\n<h3>Mark Jones<\/h3>\n<p>Administrateur externe[\/vc_column_text][\/vc_column_inner][\/vc_row_inner][vc_row_inner content_placement=\u00a0\u00bbmiddle\u00a0\u00bb css=\u00a0\u00bb.vc_custom_1652783469976{padding-bottom: 3vh !important;}\u00a0\u00bb][vc_column_inner width=\u00a0\u00bb2\/5&Prime; offset=\u00a0\u00bbvc_col-xs-2\/5&Prime;][vc_single_image image=\u00a0\u00bb48038&Prime; img_size=\u00a0\u00bbfull\u00a0\u00bb alignment=\u00a0\u00bbcenter\u00a0\u00bb style=\u00a0\u00bbvc_box_circle\u00a0\u00bb][\/vc_column_inner][vc_column_inner el_class=\u00a0\u00bbmobile\u00a0\u00bb width=\u00a0\u00bb3\/5&Prime; offset=\u00a0\u00bbvc_col-xs-3\/5&Prime;][vc_column_text]<\/p>\n<h3>Sarah Steib-Weber<\/h3>\n<p>Responsable des services de traduction[\/vc_column_text][\/vc_column_inner][\/vc_row_inner][vc_row_inner content_placement=\u00a0\u00bbmiddle\u00a0\u00bb css=\u00a0\u00bb.vc_custom_1652783469976{padding-bottom: 3vh !important;}\u00a0\u00bb][vc_column_inner width=\u00a0\u00bb2\/5&Prime; offset=\u00a0\u00bbvc_col-xs-2\/5&Prime;][vc_single_image image=\u00a0\u00bb48044&Prime; img_size=\u00a0\u00bbfull\u00a0\u00bb alignment=\u00a0\u00bbcenter\u00a0\u00bb style=\u00a0\u00bbvc_box_circle\u00a0\u00bb][\/vc_column_inner][vc_column_inner el_class=\u00a0\u00bbmobile\u00a0\u00bb width=\u00a0\u00bb3\/5&Prime; offset=\u00a0\u00bbvc_col-xs-3\/5&Prime;][vc_column_text]<\/p>\n<h3>Nikki Cowland<\/h3>\n<p>Responsable des op\u00e9rations[\/vc_column_text][\/vc_column_inner][\/vc_row_inner][vc_row_inner content_placement=\u00a0\u00bbmiddle\u00a0\u00bb css=\u00a0\u00bb.vc_custom_1652783469976{padding-bottom: 3vh !important;}\u00a0\u00bb][vc_column_inner width=\u00a0\u00bb2\/5&Prime; offset=\u00a0\u00bbvc_col-xs-2\/5&Prime;][vc_single_image image=\u00a0\u00bb48062&Prime; img_size=\u00a0\u00bbfull\u00a0\u00bb alignment=\u00a0\u00bbcenter\u00a0\u00bb style=\u00a0\u00bbvc_box_circle\u00a0\u00bb][\/vc_column_inner][vc_column_inner el_class=\u00a0\u00bbmobile\u00a0\u00bb width=\u00a0\u00bb3\/5&Prime; offset=\u00a0\u00bbvc_col-xs-3\/5&Prime;][vc_column_text]<\/p>\n<h3>Stephanie Donat<\/h3>\n<p>Cheffe de projets senior[\/vc_column_text][\/vc_column_inner][\/vc_row_inner][vc_row_inner content_placement=\u00a0\u00bbmiddle\u00a0\u00bb css=\u00a0\u00bb.vc_custom_1652783469976{padding-bottom: 3vh !important;}\u00a0\u00bb][vc_column_inner width=\u00a0\u00bb2\/5&Prime; offset=\u00a0\u00bbvc_col-xs-2\/5&Prime;][vc_single_image image=\u00a0\u00bb48080&Prime; img_size=\u00a0\u00bbfull\u00a0\u00bb alignment=\u00a0\u00bbcenter\u00a0\u00bb style=\u00a0\u00bbvc_box_circle\u00a0\u00bb][\/vc_column_inner][vc_column_inner el_class=\u00a0\u00bbmobile\u00a0\u00bb width=\u00a0\u00bb3\/5&Prime; offset=\u00a0\u00bbvc_col-xs-3\/5&Prime;][vc_column_text]<\/p>\n<h3>Katarzyna Hoffmann<\/h3>\n<p>Cheffe de projets senior[\/vc_column_text][\/vc_column_inner][\/vc_row_inner][vc_row_inner content_placement=\u00a0\u00bbmiddle\u00a0\u00bb css=\u00a0\u00bb.vc_custom_1652783469976{padding-bottom: 3vh !important;}\u00a0\u00bb][vc_column_inner width=\u00a0\u00bb2\/5&Prime; offset=\u00a0\u00bbvc_col-xs-2\/5&Prime;][vc_single_image image=\u00a0\u00bb48092&Prime; img_size=\u00a0\u00bbfull\u00a0\u00bb alignment=\u00a0\u00bbcenter\u00a0\u00bb style=\u00a0\u00bbvc_box_circle\u00a0\u00bb][\/vc_column_inner][vc_column_inner el_class=\u00a0\u00bbmobile\u00a0\u00bb width=\u00a0\u00bb3\/5&Prime; offset=\u00a0\u00bbvc_col-xs-3\/5&Prime;][vc_column_text]<\/p>\n<h3>Harriet Nimmo<\/h3>\n<p>Cheffe de projets[\/vc_column_text][\/vc_column_inner][\/vc_row_inner][vc_row_inner content_placement=\u00a0\u00bbmiddle\u00a0\u00bb css=\u00a0\u00bb.vc_custom_1652783469976{padding-bottom: 3vh !important;}\u00a0\u00bb][vc_column_inner width=\u00a0\u00bb2\/5&Prime; offset=\u00a0\u00bbvc_col-xs-2\/5&Prime;][vc_single_image image=\u00a0\u00bb48074&Prime; img_size=\u00a0\u00bbfull\u00a0\u00bb alignment=\u00a0\u00bbcenter\u00a0\u00bb style=\u00a0\u00bbvc_box_circle\u00a0\u00bb][\/vc_column_inner][vc_column_inner el_class=\u00a0\u00bbmobile\u00a0\u00bb width=\u00a0\u00bb3\/5&Prime; offset=\u00a0\u00bbvc_col-xs-3\/5&Prime;][vc_column_text]<\/p>\n<h3>Jinny Verdonck<\/h3>\n<p>Cheffe de projets[\/vc_column_text][\/vc_column_inner][\/vc_row_inner][vc_row_inner content_placement=\u00a0\u00bbmiddle\u00a0\u00bb css=\u00a0\u00bb.vc_custom_1652783469976{padding-bottom: 3vh !important;}\u00a0\u00bb][vc_column_inner width=\u00a0\u00bb2\/5&Prime; offset=\u00a0\u00bbvc_col-xs-2\/5&Prime;][vc_single_image image=\u00a0\u00bb54037&Prime; img_size=\u00a0\u00bbfull\u00a0\u00bb alignment=\u00a0\u00bbcenter\u00a0\u00bb style=\u00a0\u00bbvc_box_circle\u00a0\u00bb][\/vc_column_inner][vc_column_inner el_class=\u00a0\u00bbmobile\u00a0\u00bb width=\u00a0\u00bb3\/5&Prime; offset=\u00a0\u00bbvc_col-xs-3\/5&Prime;][vc_column_text]<\/p>\n<h3>Zo\u00eb Thomason<\/h3>\n<p>Cheffe de projets[\/vc_column_text][\/vc_column_inner][\/vc_row_inner][vc_row_inner content_placement=\u00a0\u00bbmiddle\u00a0\u00bb css=\u00a0\u00bb.vc_custom_1652783469976{padding-bottom: 3vh !important;}\u00a0\u00bb][vc_column_inner width=\u00a0\u00bb2\/5&Prime; offset=\u00a0\u00bbvc_col-xs-2\/5&Prime;][vc_single_image image=\u00a0\u00bb48140&Prime; img_size=\u00a0\u00bbfull\u00a0\u00bb alignment=\u00a0\u00bbcenter\u00a0\u00bb style=\u00a0\u00bbvc_box_circle\u00a0\u00bb][\/vc_column_inner][vc_column_inner el_class=\u00a0\u00bbmobile\u00a0\u00bb width=\u00a0\u00bb3\/5&Prime; offset=\u00a0\u00bbvc_col-xs-3\/5&Prime;][vc_column_text]<\/p>\n<h3>Nicole Gansterer<\/h3>\n<p>R\u00e9viseuse senior et linguiste de r\u00e9f\u00e9rence &#8211; Allemand[\/vc_column_text][\/vc_column_inner][\/vc_row_inner][vc_row_inner content_placement=\u00a0\u00bbmiddle\u00a0\u00bb css=\u00a0\u00bb.vc_custom_1652783469976{padding-bottom: 3vh !important;}\u00a0\u00bb][vc_column_inner width=\u00a0\u00bb2\/5&Prime; offset=\u00a0\u00bbvc_col-xs-2\/5&Prime;][vc_single_image image=\u00a0\u00bb48134&Prime; img_size=\u00a0\u00bbfull\u00a0\u00bb alignment=\u00a0\u00bbcenter\u00a0\u00bb style=\u00a0\u00bbvc_box_circle\u00a0\u00bb][\/vc_column_inner][vc_column_inner el_class=\u00a0\u00bbmobile\u00a0\u00bb width=\u00a0\u00bb3\/5&Prime; offset=\u00a0\u00bbvc_col-xs-3\/5&Prime;][vc_column_text]<\/p>\n<h3>Melanie Morawetz<\/h3>\n<p>Traductrice senior et linguiste de r\u00e9f\u00e9rence &#8211; Allemand[\/vc_column_text][\/vc_column_inner][\/vc_row_inner][vc_row_inner content_placement=\u00a0\u00bbmiddle\u00a0\u00bb css=\u00a0\u00bb.vc_custom_1652783469976{padding-bottom: 3vh !important;}\u00a0\u00bb][vc_column_inner width=\u00a0\u00bb2\/5&Prime; offset=\u00a0\u00bbvc_col-xs-2\/5&Prime;][vc_single_image image=\u00a0\u00bb48194&Prime; img_size=\u00a0\u00bbfull\u00a0\u00bb alignment=\u00a0\u00bbcenter\u00a0\u00bb style=\u00a0\u00bbvc_box_circle\u00a0\u00bb][\/vc_column_inner][vc_column_inner el_class=\u00a0\u00bbmobile\u00a0\u00bb width=\u00a0\u00bb3\/5&Prime; offset=\u00a0\u00bbvc_col-xs-3\/5&Prime;][vc_column_text]<\/p>\n<h3>Martine Wilmes<\/h3>\n<p>Traductrice &#8211; Allemand[\/vc_column_text][\/vc_column_inner][\/vc_row_inner][\/vc_column][\/vc_row][vc_row full_width=\u00a0\u00bbstretch_row\u00a0\u00bb css=\u00a0\u00bb.vc_custom_1652197242442{margin-top: 10vh !important;background-color: #f8f8f8 !important;}\u00a0\u00bb][vc_column offset=\u00a0\u00bbvc_hidden-sm vc_hidden-xs\u00a0\u00bb][vc_row_inner css=\u00a0\u00bb.vc_custom_1652101175097{padding-top: 7vh !important;padding-bottom: 10vh !important;}\u00a0\u00bb el_id=\u00a0\u00bbdesktop-tablet-view\u00a0\u00bb][vc_column_inner width=\u00a0\u00bb1\/4&Prime;][\/vc_column_inner][vc_column_inner width=\u00a0\u00bb1\/2&Prime;][vc_column_text]<\/p>\n<h2 style=\"text-align: center;\"><strong><em>Et plus de 300\u00a0freelances<\/em><\/strong><\/h2>\n<p style=\"text-align: center; color: #1f375d;\">Pour pr\u00eater main-forte \u00e0 notre \u00e9quipe interne, nous nous appuyons sur notre r\u00e9seau de plus de 300\u00a0freelances de confiance. Nous pouvons ainsi nous adapter \u00e0 la demande et fournir, toujours, le meilleur de nous-m\u00eames.<\/p>\n<p style=\"text-align: center; color: #1f375d;\">Nous ne pourrions r\u00eaver mieux.<\/p>\n<p>[\/vc_column_text][\/vc_column_inner][vc_column_inner width=\u00a0\u00bb1\/4&Prime;][\/vc_column_inner][\/vc_row_inner][\/vc_column][\/vc_row][vc_row full_width=\u00a0\u00bbstretch_row\u00a0\u00bb css=\u00a0\u00bb.vc_custom_1652100053716{background-color: #f8f8f8 !important;}\u00a0\u00bb][vc_column offset=\u00a0\u00bbvc_hidden-lg vc_hidden-md\u00a0\u00bb][vc_row_inner css=\u00a0\u00bb.vc_custom_1652101175097{padding-top: 7vh !important;padding-bottom: 10vh !important;}\u00a0\u00bb][vc_column_inner][vc_column_text]<\/p>\n<h2 style=\"text-align: center;\"><strong><em>Et plus de 300\u00a0freelances<\/em><\/strong><\/h2>\n<p style=\"text-align: center; color: #1f375d;\">Pour pr\u00eater main-forte \u00e0 notre \u00e9quipe interne, nous nous appuyons sur notre r\u00e9seau de plus de 300\u00a0freelances de confiance. Nous pouvons ainsi nous adapter \u00e0 la demande et fournir, toujours, le meilleur de nous-m\u00eames.<\/p>\n<p style=\"text-align: center; color: #1f375d;\">Nous ne pourrions r\u00eaver mieux.<\/p>\n<p>[\/vc_column_text][\/vc_column_inner][\/vc_row_inner][\/vc_column][\/vc_row][vc_row][vc_column][vc_column_text]<\/p>\n<div id=\"excerpt\" class=\"memsource-post-attribute\">\n<div class=\"memsource-post-attribute-end\"><\/div>\n<\/div>\n<p>[\/vc_column_text][\/vc_column][\/vc_row]<\/p>\n","protected":false},"excerpt":{"rendered":"<p>[vc_row full_width=\u00a0\u00bbstretch_row\u00a0\u00bb content_placement=\u00a0\u00bbmiddle\u00a0\u00bb css=\u00a0\u00bb.vc_custom_1652780083671{padding-top: 8vh !important;padding-bottom: 10vh !important;background-color: #f8f8f8 !important;}\u00a0\u00bb][vc_column][vc_row_inner content_placement=\u00a0\u00bbmiddle\u00a0\u00bb el_id=\u00a0\u00bbdesktop-view\u00a0\u00bb][vc_column_inner width=\u00a0\u00bb5\/12&Prime; offset=\u00a0\u00bbvc_hidden-sm vc_hidden-xs\u00a0\u00bb][vc_column_text] Rencontrez notre \u00e9quipe [\/vc_column_text][vc_column_text] Nous formons une communaut\u00e9 soud\u00e9e de linguistes qui partagent la m\u00eame passion pour les langues et la communication interculturelle. Notre \u00e9quipe interne se compose de sp\u00e9cialistes de la traduction, de la relecture et de la gestion<\/p>\n","protected":false},"author":1,"featured_media":0,"parent":0,"menu_order":0,"comment_status":"closed","ping_status":"closed","template":"","meta":{"inline_featured_image":false},"yoast_head":"<!-- This site is optimized with the Yoast SEO plugin v19.10 - https:\/\/yoast.com\/wordpress\/plugins\/seo\/ -->\n<title>Notre \u00e9quipe | AJT<\/title>\n<meta name=\"description\" content=\"Notre \u00e9quipe soud\u00e9e de linguistes partage la m\u00eame passion pour les langues \u00e9trang\u00e8res et la communication internationale. Faites connaissance avec notre \u00e9quipe.\" \/>\n<meta name=\"robots\" content=\"index, follow, max-snippet:-1, max-image-preview:large, max-video-preview:-1\" \/>\n<link rel=\"canonical\" href=\"https:\/\/ajt.morton.media\/fr\/notre-equipe\/\" \/>\n<meta property=\"og:locale\" content=\"fr_FR\" \/>\n<meta property=\"og:type\" content=\"article\" \/>\n<meta property=\"og:title\" content=\"Notre \u00e9quipe | AJT\" \/>\n<meta property=\"og:description\" content=\"Notre \u00e9quipe soud\u00e9e de linguistes partage la m\u00eame passion pour les langues \u00e9trang\u00e8res et la communication internationale. Faites connaissance avec notre \u00e9quipe.\" \/>\n<meta property=\"og:url\" content=\"https:\/\/ajt.morton.media\/fr\/notre-equipe\/\" \/>\n<meta property=\"og:site_name\" content=\"AJT\" \/>\n<meta property=\"article:modified_time\" content=\"2024-08-05T15:04:02+00:00\" \/>\n<meta name=\"twitter:label1\" content=\"Dur\u00e9e de lecture estim\u00e9e\" \/>\n\t<meta name=\"twitter:data1\" content=\"5 minutes\" \/>\n<script type=\"application\/ld+json\" class=\"yoast-schema-graph\">{\"@context\":\"https:\/\/schema.org\",\"@graph\":[{\"@type\":\"WebPage\",\"@id\":\"https:\/\/ajt.morton.media\/fr\/notre-equipe\/\",\"url\":\"https:\/\/ajt.morton.media\/fr\/notre-equipe\/\",\"name\":\"Notre \u00e9quipe | AJT\",\"isPartOf\":{\"@id\":\"https:\/\/www.teamajt.com\/#website\"},\"datePublished\":\"2022-07-07T15:29:38+00:00\",\"dateModified\":\"2024-08-05T15:04:02+00:00\",\"description\":\"Notre \u00e9quipe soud\u00e9e de linguistes partage la m\u00eame passion pour les langues \u00e9trang\u00e8res et la communication internationale. Faites connaissance avec notre \u00e9quipe.\",\"breadcrumb\":{\"@id\":\"https:\/\/ajt.morton.media\/fr\/notre-equipe\/#breadcrumb\"},\"inLanguage\":\"fr-FR\",\"potentialAction\":[{\"@type\":\"ReadAction\",\"target\":[\"https:\/\/ajt.morton.media\/fr\/notre-equipe\/\"]}]},{\"@type\":\"BreadcrumbList\",\"@id\":\"https:\/\/ajt.morton.media\/fr\/notre-equipe\/#breadcrumb\",\"itemListElement\":[{\"@type\":\"ListItem\",\"position\":1,\"name\":\"Home\",\"item\":\"https:\/\/www.teamajt.com\/fr\/\"},{\"@type\":\"ListItem\",\"position\":2,\"name\":\"Notre \u00e9quipe\"}]},{\"@type\":\"WebSite\",\"@id\":\"https:\/\/www.teamajt.com\/#website\",\"url\":\"https:\/\/www.teamajt.com\/\",\"name\":\"AJT\",\"description\":\"\",\"publisher\":{\"@id\":\"https:\/\/www.teamajt.com\/#organization\"},\"potentialAction\":[{\"@type\":\"SearchAction\",\"target\":{\"@type\":\"EntryPoint\",\"urlTemplate\":\"https:\/\/www.teamajt.com\/?s={search_term_string}\"},\"query-input\":\"required name=search_term_string\"}],\"inLanguage\":\"fr-FR\"},{\"@type\":\"Organization\",\"@id\":\"https:\/\/www.teamajt.com\/#organization\",\"name\":\"Anja Jones Translation\",\"url\":\"https:\/\/www.teamajt.com\/\",\"logo\":{\"@type\":\"ImageObject\",\"inLanguage\":\"fr-FR\",\"@id\":\"https:\/\/www.teamajt.com\/#\/schema\/logo\/image\/\",\"url\":\"https:\/\/ajt.morton.media\/wp-content\/uploads\/ajt_logo.png\",\"contentUrl\":\"https:\/\/ajt.morton.media\/wp-content\/uploads\/ajt_logo.png\",\"width\":889,\"height\":877,\"caption\":\"Anja Jones Translation\"},\"image\":{\"@id\":\"https:\/\/www.teamajt.com\/#\/schema\/logo\/image\/\"}}]}<\/script>\n<!-- \/ Yoast SEO plugin. -->","yoast_head_json":{"title":"Notre \u00e9quipe | AJT","description":"Notre \u00e9quipe soud\u00e9e de linguistes partage la m\u00eame passion pour les langues \u00e9trang\u00e8res et la communication internationale. Faites connaissance avec notre \u00e9quipe.","robots":{"index":"index","follow":"follow","max-snippet":"max-snippet:-1","max-image-preview":"max-image-preview:large","max-video-preview":"max-video-preview:-1"},"canonical":"https:\/\/ajt.morton.media\/fr\/notre-equipe\/","og_locale":"fr_FR","og_type":"article","og_title":"Notre \u00e9quipe | AJT","og_description":"Notre \u00e9quipe soud\u00e9e de linguistes partage la m\u00eame passion pour les langues \u00e9trang\u00e8res et la communication internationale. Faites connaissance avec notre \u00e9quipe.","og_url":"https:\/\/ajt.morton.media\/fr\/notre-equipe\/","og_site_name":"AJT","article_modified_time":"2024-08-05T15:04:02+00:00","twitter_misc":{"Dur\u00e9e de lecture estim\u00e9e":"5 minutes"},"schema":{"@context":"https:\/\/schema.org","@graph":[{"@type":"WebPage","@id":"https:\/\/ajt.morton.media\/fr\/notre-equipe\/","url":"https:\/\/ajt.morton.media\/fr\/notre-equipe\/","name":"Notre \u00e9quipe | AJT","isPartOf":{"@id":"https:\/\/www.teamajt.com\/#website"},"datePublished":"2022-07-07T15:29:38+00:00","dateModified":"2024-08-05T15:04:02+00:00","description":"Notre \u00e9quipe soud\u00e9e de linguistes partage la m\u00eame passion pour les langues \u00e9trang\u00e8res et la communication internationale. Faites connaissance avec notre \u00e9quipe.","breadcrumb":{"@id":"https:\/\/ajt.morton.media\/fr\/notre-equipe\/#breadcrumb"},"inLanguage":"fr-FR","potentialAction":[{"@type":"ReadAction","target":["https:\/\/ajt.morton.media\/fr\/notre-equipe\/"]}]},{"@type":"BreadcrumbList","@id":"https:\/\/ajt.morton.media\/fr\/notre-equipe\/#breadcrumb","itemListElement":[{"@type":"ListItem","position":1,"name":"Home","item":"https:\/\/www.teamajt.com\/fr\/"},{"@type":"ListItem","position":2,"name":"Notre \u00e9quipe"}]},{"@type":"WebSite","@id":"https:\/\/www.teamajt.com\/#website","url":"https:\/\/www.teamajt.com\/","name":"AJT","description":"","publisher":{"@id":"https:\/\/www.teamajt.com\/#organization"},"potentialAction":[{"@type":"SearchAction","target":{"@type":"EntryPoint","urlTemplate":"https:\/\/www.teamajt.com\/?s={search_term_string}"},"query-input":"required name=search_term_string"}],"inLanguage":"fr-FR"},{"@type":"Organization","@id":"https:\/\/www.teamajt.com\/#organization","name":"Anja Jones Translation","url":"https:\/\/www.teamajt.com\/","logo":{"@type":"ImageObject","inLanguage":"fr-FR","@id":"https:\/\/www.teamajt.com\/#\/schema\/logo\/image\/","url":"https:\/\/ajt.morton.media\/wp-content\/uploads\/ajt_logo.png","contentUrl":"https:\/\/ajt.morton.media\/wp-content\/uploads\/ajt_logo.png","width":889,"height":877,"caption":"Anja Jones Translation"},"image":{"@id":"https:\/\/www.teamajt.com\/#\/schema\/logo\/image\/"}}]}},"_links":{"self":[{"href":"https:\/\/ajt.morton.media\/fr\/wp-json\/wp\/v2\/pages\/49991"}],"collection":[{"href":"https:\/\/ajt.morton.media\/fr\/wp-json\/wp\/v2\/pages"}],"about":[{"href":"https:\/\/ajt.morton.media\/fr\/wp-json\/wp\/v2\/types\/page"}],"author":[{"embeddable":true,"href":"https:\/\/ajt.morton.media\/fr\/wp-json\/wp\/v2\/users\/1"}],"replies":[{"embeddable":true,"href":"https:\/\/ajt.morton.media\/fr\/wp-json\/wp\/v2\/comments?post=49991"}],"version-history":[{"count":29,"href":"https:\/\/ajt.morton.media\/fr\/wp-json\/wp\/v2\/pages\/49991\/revisions"}],"predecessor-version":[{"id":55522,"href":"https:\/\/ajt.morton.media\/fr\/wp-json\/wp\/v2\/pages\/49991\/revisions\/55522"}],"wp:attachment":[{"href":"https:\/\/ajt.morton.media\/fr\/wp-json\/wp\/v2\/media?parent=49991"}],"curies":[{"name":"wp","href":"https:\/\/api.w.org\/{rel}","templated":true}]}}